{"id":420,"date":"2019-03-30T20:22:53","date_gmt":"2019-03-30T20:22:53","guid":{"rendered":"http:\/\/annamariajopek.pl\/en\/?page_id=420"},"modified":"2019-03-31T10:32:23","modified_gmt":"2019-03-31T09:32:23","slug":"id-international","status":"publish","type":"page","link":"https:\/\/annamariajopek.pl\/en\/index.php\/id-international\/","title":{"rendered":"ID"},"content":{"rendered":"\n<figure class=\"wp-block-image\"><img decoding=\"async\" loading=\"lazy\" width=\"720\" height=\"720\" src=\"http:\/\/annamariajopek.pl\/en\/wp-content\/uploads\/2019\/03\/idint.jpg\" alt=\"\" class=\"wp-image-178\" srcset=\"https:\/\/annamariajopek.pl\/en\/wp-content\/uploads\/2019\/03\/idint.jpg 720w, https:\/\/annamariajopek.pl\/en\/wp-content\/uploads\/2019\/03\/idint-150x150.jpg 150w, https:\/\/annamariajopek.pl\/en\/wp-content\/uploads\/2019\/03\/idint-300x300.jpg 300w, https:\/\/annamariajopek.pl\/en\/wp-content\/uploads\/2019\/03\/idint-100x100.jpg 100w\" sizes=\"(max-width: 720px) 100vw, 720px\" \/><\/figure>\n\n\n\n<p class=\"has-small-font-size\">1. Claude <em>(mus. Anna Maria Jopek) <\/em><br>2. Spr\u00f3buj m\u00f3wi\u0107 kocham (mus. <em>Anna Maria Jopek\/ lyr. Marcin Kydry\u0144ski) <\/em><br>3. Niepoj\u0119te i Ulotne <em>(mus.\/lyr. Marcin Kydry\u0144ski)<\/em><br>4. ID <em>(mus. Anna Maria Jopek) <\/em><br>5. To co nienazwane<em>(mus.\/lyr. Marcin Kydry\u0144ski)<\/em><br>6. Zr\u00f3b, co mo\u017cesz <em>(mus. Anna Maria Jopek\/ lyr. Marcin Kydry\u0144ski, Douala parts &#8211; mus. and lyr. Richard Bona)<\/em><br>7. Cisza na skronie, na powieki s\u0142o\u0144ce <em>(mus.\/ lyr. Anna Maria Jopek) <\/em><br>8. Soul Dealer <em>(mus.\/ lyr. Anna Maria Jopek) <\/em><br>9. Samej Ci\u0119 nie zostawi\u0119 <em>(mus. Anna Maria Jopek\/ lyr. Marcin Kydry\u0144ski) <\/em><br>10. Nagle <em>(mus. Anna Maria Jopek\/ lyr. Marcin Kydry\u0144ski) <\/em><br>11. Daleko <em>(mus.\/lyr. Anna Maria Jopek) <\/em><\/p>\n\n\n\n<p class=\"has-small-font-size\"><strong>Anna Maria Jopek<\/strong> &#8211; voices, additional keyboards <br><strong>Pawe\u0142 Bzim Zarecki <\/strong>&#8211; keyboards, loops, programming<br><strong>Branford Marsalis <\/strong> &#8211; soprano saxophone (3, 6)<br><strong>Tord Gustavsen <\/strong> &#8211; piano (3, 9, 11)<br><strong>Leszek Mo\u017cd\u017cer <\/strong>&#8211; piano (5, 6, 10)<br><strong>Christian McBride<\/strong> &#8211; double bass, fretless electric bass (9)<br><strong>Richard Bona<\/strong> &#8211; fodera bass, vocals &amp; kalimba (6)<br><strong>Manu Katche<\/strong> &#8211; drums<br><strong>Mino Cinelu<\/strong> &#8211; percussion, voclas (7)<br><strong>Marcin Kydry\u0144ski <\/strong>&#8211; acoustic guitar (3), guitar synthesiser (2)<br><strong>Oscar Castro Neves <\/strong>&#8211; guitar and vocals (7)<br><strong>Marek Napi\u00f3rkowski <\/strong>&#8211; acoustic &amp; electric guitars (10), guitar solo (2)<br><strong>Dhafer Youssef<\/strong> &#8211; oud &amp; vocals (5)<br><strong>Krzysztof Herdzin<\/strong> &#8211; orchestral (2, 3) &amp; string quartet (5) charts, conductor<br><br><strong>Sinfonia Viva Orchestra:<\/strong> Anna Boniecka (concertmaster), Wojciech Proniewicz, Dorota Wojciechowska, Magdalena \u017bemek, Mateusz Marczyk \u2013 1st violin; Anna Barszcz, Millenna Kami\u0144ska, Marcin Marzec, Oliwia Orzechowska \u2013 2nd violin; Przemys\u0142aw \u0106wiek, Emilia Wardak, Andrzej Kupczyk, Paulina Ryjak \u2013 violas; Dorota Wo\u017aniak-Mocarska (concertmaster) Mateusz Szmyt, Ma\u0142gorzata Krzy\u017canowicz \u2013 cellos; Micha\u0142 Lam\u017ca \u2013 double bass; Anna W\u0142odarska-Szetela \u2013 flute; \u0141ukasz Dzikowski \u2013 oboe; Zenon Kitowski \u2013 clarinet; Marcin Krzysztof Wo\u017aniak \u2013 bass clarinet; Zbigniew Monkiewicz, Joanna Mogielska-Monkiewicz \u2013 french horns; Tomasz Radziwonowicz \u2013 musical director; Marcin Stefaniuk \u2013 contractor <br><br><strong>String Quartet:<\/strong>Grzegorz Lalek \u2013 1st violin; Adriana B\u0142aszczak \u2013 2nd violin; Igor Kabalewski \u2013 viola; Tomasz B\u0142aszczak &#8211; cello <\/p>\n\n\n\n<figure class=\"wp-block-embed-spotify wp-block-embed is-type-rich is-provider-spotify wp-embed-aspect-9-16 wp-has-aspect-ratio\"><div class=\"wp-block-embed__wrapper\">\n<iframe loading=\"lazy\" width=\"300\" height=\"380\" allowtransparency=\"true\" frameborder=\"0\" allow=\"encrypted-media\" title=\"Spotify Embed: ID - International\" src=\"https:\/\/open.spotify.com\/embed\/album\/7h0RN0PFs8o6cCD836blqA\"><\/iframe>\n<\/div><\/figure>\n\n\n\n<p class=\"has-small-font-size\">Produced by <strong>Anna Maria Jopek &amp; Marcin Kydry\u0144ski <\/strong><br>Executive producer \u2013 <strong>Marcin Kydry\u0144ski <\/strong><br>Arranged by <strong>AMJ<\/strong>, <strong>Pawe\u0142 Bzim Zarecki <\/strong>&amp; <strong>Marcin Kydry\u0144ski<\/strong>. Orchestra &amp; Quartet charts written and conducted by <strong>Krzysztof Herdzin <\/strong><br><br>Recorded March 2006 \u2013 March 2007 by the following:<br>Pueblo People Studios &amp; Psalm Studio, Warsaw \u2013 <strong>Pawe\u0142 Bzim Zarecki <\/strong>Sonus Studio, \u0141omianki \u2013 <strong>Joanna Popowicz <\/strong>&amp; <strong>Andrzej Karp <\/strong>Izabelin Studio, Izabelin \u2013 <strong>Andrzej Karp<br> <\/strong>M1, Warsaw \u2013 <strong>Tadeusz Mieczkowski<br> <\/strong>Avatar Studios, New York City \u2013 <strong>Andrew Fellus<br> <\/strong>Sextant Studio, Paris \u2013 <strong>Vincent Mahey <\/strong><br><br>Assistants: <strong>Joanna Popowicz <\/strong>&amp; <strong>Piotr Laskowski <\/strong><br>Edidting \u2013 <strong>Joanna Popowicz <\/strong>&amp; <strong>Andrzej Karp <\/strong><br>Technical support for Manu &amp; Mino \u2013 <strong>Piotr Mizik<\/strong><\/p>\n\n\n\n<p class=\"has-small-font-size\">Mixed by <strong>Ben Findlay <\/strong>in the Big Room of the Real World Studios, Box. March 2007 Assistants: <strong>Chris Blanden<\/strong>, <strong>Joanna Popowicz<\/strong>, <strong>Andrzej Karp <\/strong><br>Mastered by <strong>Sean Magee <\/strong>at the Abbey Road Studios, London, April 2nd 2007 <br>Project coordinator \u2013 <strong>Marta Kruczyk<br><\/strong>Financial coordinator \u2013 <strong>Anna Kowalska<br> <\/strong>Legal adviser \u2013 <strong>Agata Bajno<br> <\/strong>Photography and translation of the lyrics \u2013 <strong>Marcin Kydry\u0144ski <\/strong><br>Design \u2013 <strong>Kasia Mro\u017cewska  <\/strong><\/p>\n\n\n\n<figure class=\"wp-block-image is-resized\"><img decoding=\"async\" loading=\"lazy\" src=\"http:\/\/annamariajopek.pl\/en\/wp-content\/uploads\/2019\/03\/id-cover-1024x922.jpg\" alt=\"\" class=\"wp-image-439\" width=\"720\" height=\"692\"\/><\/figure>\n\n\n\n<p class=\"has-small-font-size\">1. Spr\u00f3buj m\u00f3wi\u0107 kocham&nbsp;<br>2. Teraz i tu&nbsp;<br>3. Zr\u00f3b, co mo\u017cesz&nbsp;<br>4. Claude&nbsp;<br>5. Sk\u0142ama\u0142abym&nbsp;<br>6. Soul Dealer&nbsp;<br>7. To, co nienazwane&nbsp;<br>8. Samej ci\u0119 nie zostawi\u0119&nbsp;<br>9. Cisza na skronie, na powieki s\u0142o\u0144ce&nbsp;<br>10. Z wad\u0105 serca&nbsp;<br>11. Niepoj\u0119te i ulotne&nbsp;<br>12. Nagle&nbsp;<br>13. Pierwszy dzie\u0144 reszty naszego \u017cycia&nbsp;<\/p>\n","protected":false},"excerpt":{"rendered":"<p>1. Claude (mus. Anna Maria Jopek) 2. Spr\u00f3buj m\u00f3wi\u0107 kocham (mus. Anna Maria Jopek\/ lyr. Marcin Kydry\u0144ski) 3. Niepoj\u0119te i Ulotne (mus.\/lyr. Marcin Kydry\u0144ski)4. ID (mus. Anna Maria Jopek) 5. To co nienazwane(mus.\/lyr. Marcin Kydry\u0144ski)6. Zr\u00f3b, co mo\u017cesz (mus. Anna Maria Jopek\/ lyr. Marcin Kydry\u0144ski, Douala parts &#8211; mus. and lyr. Richard Bona)7. Cisza na &hellip; <\/p>\n<p class=\"link-more\"><a href=\"https:\/\/annamariajopek.pl\/en\/index.php\/id-international\/\" class=\"more-link\">Continue reading<span class=\"screen-reader-text\"> &#8220;ID&#8221;<\/span><\/a><\/p>\n","protected":false},"author":1,"featured_media":0,"parent":0,"menu_order":0,"comment_status":"closed","ping_status":"closed","template":"","meta":[],"_links":{"self":[{"href":"https:\/\/annamariajopek.pl\/en\/index.php\/wp-json\/wp\/v2\/pages\/420"}],"collection":[{"href":"https:\/\/annamariajopek.pl\/en\/index.php\/wp-json\/wp\/v2\/pages"}],"about":[{"href":"https:\/\/annamariajopek.pl\/en\/index.php\/wp-json\/wp\/v2\/types\/page"}],"author":[{"embeddable":true,"href":"https:\/\/annamariajopek.pl\/en\/index.php\/wp-json\/wp\/v2\/users\/1"}],"replies":[{"embeddable":true,"href":"https:\/\/annamariajopek.pl\/en\/index.php\/wp-json\/wp\/v2\/comments?post=420"}],"version-history":[{"count":4,"href":"https:\/\/annamariajopek.pl\/en\/index.php\/wp-json\/wp\/v2\/pages\/420\/revisions"}],"predecessor-version":[{"id":441,"href":"https:\/\/annamariajopek.pl\/en\/index.php\/wp-json\/wp\/v2\/pages\/420\/revisions\/441"}],"wp:attachment":[{"href":"https:\/\/annamariajopek.pl\/en\/index.php\/wp-json\/wp\/v2\/media?parent=420"}],"curies":[{"name":"wp","href":"https:\/\/api.w.org\/{rel}","templated":true}]}}